{"id":5216,"date":"2021-08-16T17:17:16","date_gmt":"2021-08-16T20:17:16","guid":{"rendered":"https:\/\/fundacaofemar.org.br\/portalwordpress\/?page_id=5216"},"modified":"2026-02-05T09:33:35","modified_gmt":"2026-02-05T12:33:35","slug":"lgpd","status":"publish","type":"page","link":"https:\/\/fundacaofemar.org.br\/portalwordpress\/lgpd\/","title":{"rendered":"LGPD"},"content":{"rendered":"<div class=\"post-content\">\t\t<div data-elementor-type=\"wp-page\" data-elementor-id=\"5216\" class=\"elementor elementor-5216\">\n\t\t\t\t\t\t<section class=\"elementor-section elementor-top-section elementor-element elementor-element-3f838e0f elementor-section-boxed elementor-section-height-default elementor-section-height-default\" data-id=\"3f838e0f\" data-element_type=\"section\">\n\t\t\t\t\t\t<div class=\"elementor-container elementor-column-gap-default\">\n\t\t\t\t\t<div class=\"elementor-column elementor-col-100 elementor-top-column elementor-element elementor-element-73279187\" data-id=\"73279187\" data-element_type=\"column\" data-settings=\"{&quot;background_background&quot;:&quot;classic&quot;}\">\n\t\t\t<div class=\"elementor-widget-wrap elementor-element-populated\">\n\t\t\t\t\t\t<div class=\"elementor-element elementor-element-439a2ba6 elementor-widget elementor-widget-heading\" data-id=\"439a2ba6\" data-element_type=\"widget\" data-widget_type=\"heading.default\">\n\t\t\t\t<div class=\"elementor-widget-container\">\n\t\t\t\t\t<h2 class=\"elementor-heading-title elementor-size-default\">LGPD<\/h2>\t\t\t\t<\/div>\n\t\t\t\t<\/div>\n\t\t\t\t<div class=\"elementor-element elementor-element-76e6b1af elementor-widget elementor-widget-heading\" data-id=\"76e6b1af\" data-element_type=\"widget\" data-widget_type=\"heading.default\">\n\t\t\t\t<div class=\"elementor-widget-container\">\n\t\t\t\t\t<h2 class=\"elementor-heading-title elementor-size-default\">LEI GERAL DE PROTE\u00c7\u00c3O DE DADOS<\/h2>\t\t\t\t<\/div>\n\t\t\t\t<\/div>\n\t\t\t\t<div class=\"elementor-element elementor-element-4eb0676 elementor-widget-divider--view-line elementor-widget elementor-widget-divider\" data-id=\"4eb0676\" data-element_type=\"widget\" data-widget_type=\"divider.default\">\n\t\t\t\t<div class=\"elementor-widget-container\">\n\t\t\t\t\t\t\t<div class=\"elementor-divider\">\n\t\t\t<span class=\"elementor-divider-separator\">\n\t\t\t\t\t\t<\/span>\n\t\t<\/div>\n\t\t\t\t\t\t<\/div>\n\t\t\t\t<\/div>\n\t\t\t\t\t<\/div>\n\t\t<\/div>\n\t\t\t\t\t<\/div>\n\t\t<\/section>\n\t\t\t\t<section class=\"elementor-section elementor-top-section elementor-element elementor-element-458712e1 elementor-section-boxed elementor-section-height-default elementor-section-height-default\" data-id=\"458712e1\" data-element_type=\"section\">\n\t\t\t\t\t\t<div class=\"elementor-container elementor-column-gap-default\">\n\t\t\t\t\t<div class=\"elementor-column elementor-col-100 elementor-top-column elementor-element elementor-element-7fe7f5d1\" data-id=\"7fe7f5d1\" data-element_type=\"column\">\n\t\t\t<div class=\"elementor-widget-wrap elementor-element-populated\">\n\t\t\t\t\t\t<div class=\"elementor-element elementor-element-244f67dc elementor-widget elementor-widget-heading\" data-id=\"244f67dc\" data-element_type=\"widget\" data-widget_type=\"heading.default\">\n\t\t\t\t<div class=\"elementor-widget-container\">\n\t\t\t\t\t<h2 class=\"elementor-heading-title elementor-size-default\">Recentemente, entrou em vigor a Lei n\u00ba 13.709\/2018, Lei Geral de Prote\u00e7\u00e3o de Dados (LGPD), que disp\u00f5e sobre o tratamento de dados pessoais, armazenados por pessoa jur\u00eddica de direito p\u00fablico ou privado, regulando a maneira de como estes coletam, armazenam, utilizam e compartilham os dados pessoais em ambiente f\u00edsico ou digital, trazendo impacto nas rela\u00e7\u00f5es comerciais e de consumo.<\/h2>\t\t\t\t<\/div>\n\t\t\t\t<\/div>\n\t\t\t\t<div class=\"elementor-element elementor-element-3dcfa39 elementor-widget elementor-widget-heading\" data-id=\"3dcfa39\" data-element_type=\"widget\" data-widget_type=\"heading.default\">\n\t\t\t\t<div class=\"elementor-widget-container\">\n\t\t\t\t\t<h2 class=\"elementor-heading-title elementor-size-default\">A Funda\u00e7\u00e3o de Estudos do Mar (FEMAR) comunica aos seus colaboradores e parceiros o compromisso de estar em conformidade com a Lei Geral de Prote\u00e7\u00e3o de Dados (LGPD), respeitando sempre a privacidade de seus dados e a confidencialidade da informa\u00e7\u00e3o, atuando com transpar\u00eancia e seguran\u00e7a.<\/h2>\t\t\t\t<\/div>\n\t\t\t\t<\/div>\n\t\t\t\t<div class=\"elementor-element elementor-element-9d3b6c7 elementor-widget elementor-widget-heading\" data-id=\"9d3b6c7\" data-element_type=\"widget\" data-widget_type=\"heading.default\">\n\t\t\t\t<div class=\"elementor-widget-container\">\n\t\t\t\t\t<h2 class=\"elementor-heading-title elementor-size-default\">Tamb\u00e9m foi estabelecido um canal de e-mail permanente para d\u00favidas, reclama\u00e7\u00f5es ou sugest\u00f5es em rela\u00e7\u00e3o aos temas de privacidade e dados pessoais: <b><a href=\"mailto:lg**@***************rg.br\" data-original-string=\"DnEIzFUysaaIbrMqfovjhg==9dcPTGgNMFj2uLpnJtUxtQPMaBXN\/uzz+n3R7Wr0mqqotc=\" title=\"This contact has been encoded by Anti-Spam by CleanTalk. Click to decode. To finish the decoding make sure that JavaScript is enabled in your browser.\" target=\"_blank\"><span \n                data-original-string='MEfskPKMrnsw8pGSY35PFg==9dcEqRuffBIX0XrOQ02G0D6L+4XRTiP3ztevGWETEz51P0='\n                class='apbct-email-encoder'\n                title='This contact has been encoded by Anti-Spam by CleanTalk. Click to decode. To finish the decoding make sure that JavaScript is enabled in your browser.'>lg<span class=\"apbct-blur\">**<\/span>@<span class=\"apbct-blur\">***************<\/span>rg.br<\/span><\/a><\/b><\/h2>\t\t\t\t<\/div>\n\t\t\t\t<\/div>\n\t\t\t\t<div class=\"elementor-element elementor-element-98b4820 elementor-widget elementor-widget-heading\" data-id=\"98b4820\" data-element_type=\"widget\" data-widget_type=\"heading.default\">\n\t\t\t\t<div class=\"elementor-widget-container\">\n\t\t\t\t\t<h2 class=\"elementor-heading-title elementor-size-default\">Encarregado de Prote\u00e7\u00e3o de Dados Pessoais (DPO): <b>Vinicius Fonseca<\/b>. <\/h2>\t\t\t\t<\/div>\n\t\t\t\t<\/div>\n\t\t\t\t\t<\/div>\n\t\t<\/div>\n\t\t\t\t\t<\/div>\n\t\t<\/section>\n\t\t\t\t<section class=\"elementor-section elementor-top-section elementor-element elementor-element-5ca087a0 elementor-section-boxed elementor-section-height-default elementor-section-height-default\" data-id=\"5ca087a0\" data-element_type=\"section\">\n\t\t\t\t\t\t<div class=\"elementor-container elementor-column-gap-no\">\n\t\t\t\t\t<div class=\"elementor-column elementor-col-100 elementor-top-column elementor-element elementor-element-6c75b4e1\" data-id=\"6c75b4e1\" data-element_type=\"column\">\n\t\t\t<div class=\"elementor-widget-wrap elementor-element-populated\">\n\t\t\t\t\t\t<div class=\"elementor-element elementor-element-1adcd22f elementor-widget elementor-widget-heading\" data-id=\"1adcd22f\" data-element_type=\"widget\" data-widget_type=\"heading.default\">\n\t\t\t\t<div class=\"elementor-widget-container\">\n\t\t\t\t\t<h2 class=\"elementor-heading-title elementor-size-default\">Documentos<\/h2>\t\t\t\t<\/div>\n\t\t\t\t<\/div>\n\t\t\t\t<div class=\"elementor-element elementor-element-56611d43 elementor-widget elementor-widget-heading\" data-id=\"56611d43\" data-element_type=\"widget\" data-widget_type=\"heading.default\">\n\t\t\t\t<div class=\"elementor-widget-container\">\n\t\t\t\t\t<h2 class=\"elementor-heading-title elementor-size-default\">Saiba MAis<\/h2>\t\t\t\t<\/div>\n\t\t\t\t<\/div>\n\t\t\t\t<section class=\"elementor-section elementor-inner-section elementor-element elementor-element-54de735b elementor-section-boxed elementor-section-height-default elementor-section-height-default\" data-id=\"54de735b\" data-element_type=\"section\">\n\t\t\t\t\t\t<div class=\"elementor-container elementor-column-gap-no\">\n\t\t\t\t\t<div class=\"elementor-column elementor-col-100 elementor-inner-column elementor-element elementor-element-7c2f85d1\" data-id=\"7c2f85d1\" data-element_type=\"column\">\n\t\t\t<div class=\"elementor-widget-wrap elementor-element-populated\">\n\t\t\t\t\t\t<div class=\"elementor-element elementor-element-5d0dd464 elementor-widget__width-initial elementor-widget-divider--view-line elementor-widget elementor-widget-divider\" data-id=\"5d0dd464\" data-element_type=\"widget\" data-widget_type=\"divider.default\">\n\t\t\t\t<div class=\"elementor-widget-container\">\n\t\t\t\t\t\t\t<div class=\"elementor-divider\">\n\t\t\t<span class=\"elementor-divider-separator\">\n\t\t\t\t\t\t<\/span>\n\t\t<\/div>\n\t\t\t\t\t\t<\/div>\n\t\t\t\t<\/div>\n\t\t\t\t<div class=\"elementor-element elementor-element-13d9fafa elementor-align-center elementor-tablet-align-center elementor-widget-mobile__width-inherit button-fill-width elementor-widget elementor-widget-button\" data-id=\"13d9fafa\" data-element_type=\"widget\" data-widget_type=\"button.default\">\n\t\t\t\t<div class=\"elementor-widget-container\">\n\t\t\t\t\t\t\t\t\t<div class=\"elementor-button-wrapper\">\n\t\t\t\t\t<a class=\"elementor-button elementor-button-link elementor-size-sm\" href=\"https:\/\/fundacaofemar.org.br\/portalwordpress\/wp-content\/uploads\/2022\/05\/Politica-de-Privacidade-tratamento.pdf\" target=\"_blank\">\n\t\t\t\t\t\t<span class=\"elementor-button-content-wrapper\">\n\t\t\t\t\t\t\t\t\t<span class=\"elementor-button-text\">Pol\u00edtica de Privacidade e Prote\u00e7\u00e3o de Dados<\/span>\n\t\t\t\t\t<\/span>\n\t\t\t\t\t<\/a>\n\t\t\t\t<\/div>\n\t\t\t\t\t\t\t\t<\/div>\n\t\t\t\t<\/div>\n\t\t\t\t<div class=\"elementor-element elementor-element-1944cb6 elementor-align-center elementor-tablet-align-center elementor-widget-mobile__width-inherit button-fill-width elementor-widget elementor-widget-button\" data-id=\"1944cb6\" data-element_type=\"widget\" data-widget_type=\"button.default\">\n\t\t\t\t<div class=\"elementor-widget-container\">\n\t\t\t\t\t\t\t\t\t<div class=\"elementor-button-wrapper\">\n\t\t\t\t\t<a class=\"elementor-button elementor-button-link elementor-size-sm\" href=\"https:\/\/fundacaofemar.org.br\/portalwordpress\/wp-content\/uploads\/2022\/05\/Regulamento-Interno-de-Comite-de-Gestao.pdf\" target=\"_blank\">\n\t\t\t\t\t\t<span class=\"elementor-button-content-wrapper\">\n\t\t\t\t\t\t\t\t\t<span class=\"elementor-button-text\">Regimento Interno do Comit\u00ea LGPD<\/span>\n\t\t\t\t\t<\/span>\n\t\t\t\t\t<\/a>\n\t\t\t\t<\/div>\n\t\t\t\t\t\t\t\t<\/div>\n\t\t\t\t<\/div>\n\t\t\t\t<div class=\"elementor-element elementor-element-adfc39d elementor-align-center elementor-tablet-align-center elementor-widget-mobile__width-inherit button-fill-width elementor-widget elementor-widget-button\" data-id=\"adfc39d\" data-element_type=\"widget\" data-widget_type=\"button.default\">\n\t\t\t\t<div class=\"elementor-widget-container\">\n\t\t\t\t\t\t\t\t\t<div class=\"elementor-button-wrapper\">\n\t\t\t\t\t<a class=\"elementor-button elementor-button-link elementor-size-sm\" href=\"https:\/\/fundacaofemar.org.br\/portalwordpress\/wp-content\/uploads\/2026\/02\/GUIA-DA-LGPD-DA-FEMAR3.pdf\" target=\"_blank\">\n\t\t\t\t\t\t<span class=\"elementor-button-content-wrapper\">\n\t\t\t\t\t\t\t\t\t<span class=\"elementor-button-text\">Guia LGPD da FEMAR<\/span>\n\t\t\t\t\t<\/span>\n\t\t\t\t\t<\/a>\n\t\t\t\t<\/div>\n\t\t\t\t\t\t\t\t<\/div>\n\t\t\t\t<\/div>\n\t\t\t\t\t<\/div>\n\t\t<\/div>\n\t\t\t\t\t<\/div>\n\t\t<\/section>\n\t\t\t\t\t<\/div>\n\t\t<\/div>\n\t\t\t\t\t<\/div>\n\t\t<\/section>\n\t\t\t\t<\/div>\n\t\t<\/div>","protected":false},"excerpt":{"rendered":"<p>LGPD LEI GERAL DE PROTE\u00c7\u00c3O DE DADOS Recentemente, entrou em vigor a Lei n\u00ba 13.709\/2018,<a href=\"https:\/\/fundacaofemar.org.br\/portalwordpress\/lgpd\/\" class=\"bizfit-read-more\">Leia Mais<i class=\"fa fa-long-arrow-right\" aria-hidden=\"true\"><\/i><\/a><\/p>\n","protected":false},"author":2,"featured_media":5932,"parent":0,"menu_order":0,"comment_status":"closed","ping_status":"open","template":"page-templates\/full-width.php","meta":{"footnotes":""},"class_list":["post-5216","page","type-page","status-publish","has-post-thumbnail","hentry"],"rise-blocks_excerpt":"LGPD LEI GERAL DE PROTE\u00c7\u00c3O DE DADOS Recentemente, entrou em vigor a Lei n\u00ba 13.709\/2018, Lei Geral de Prote\u00e7\u00e3o de Dados (LGPD), que disp\u00f5e sobre o tratamento de dados pessoais, armazenados por pessoa jur\u00eddica de direito p\u00fablico ou privado, regulando a maneira de como estes coletam, armazenam, utilizam e compartilham os dados pessoais em ambiente f\u00edsico ou digital, trazendo impacto..","_links":{"self":[{"href":"https:\/\/fundacaofemar.org.br\/portalwordpress\/wp-json\/wp\/v2\/pages\/5216","targetHints":{"allow":["GET"]}}],"collection":[{"href":"https:\/\/fundacaofemar.org.br\/portalwordpress\/wp-json\/wp\/v2\/pages"}],"about":[{"href":"https:\/\/fundacaofemar.org.br\/portalwordpress\/wp-json\/wp\/v2\/types\/page"}],"author":[{"embeddable":true,"href":"https:\/\/fundacaofemar.org.br\/portalwordpress\/wp-json\/wp\/v2\/users\/2"}],"replies":[{"embeddable":true,"href":"https:\/\/fundacaofemar.org.br\/portalwordpress\/wp-json\/wp\/v2\/comments?post=5216"}],"version-history":[{"count":0,"href":"https:\/\/fundacaofemar.org.br\/portalwordpress\/wp-json\/wp\/v2\/pages\/5216\/revisions"}],"wp:featuredmedia":[{"embeddable":true,"href":"https:\/\/fundacaofemar.org.br\/portalwordpress\/wp-json\/wp\/v2\/media\/5932"}],"wp:attachment":[{"href":"https:\/\/fundacaofemar.org.br\/portalwordpress\/wp-json\/wp\/v2\/media?parent=5216"}],"curies":[{"name":"wp","href":"https:\/\/api.w.org\/{rel}","templated":true}]}}