{"id":6967,"date":"2021-08-31T10:02:53","date_gmt":"2021-08-31T13:02:53","guid":{"rendered":"https:\/\/fundacaofemar.org.br\/portalwordpress\/?page_id=6967"},"modified":"2026-03-02T12:17:52","modified_gmt":"2026-03-02T15:17:52","slug":"legislacao-compras","status":"publish","type":"page","link":"https:\/\/fundacaofemar.org.br\/portalwordpress\/portal-de-compras\/legislacao-compras\/","title":{"rendered":"Legisla\u00e7\u00e3o Compras"},"content":{"rendered":"<div class=\"post-content\">\t\t<div data-elementor-type=\"wp-page\" data-elementor-id=\"6967\" class=\"elementor elementor-6967\">\n\t\t\t\t\t\t<section class=\"elementor-section elementor-top-section elementor-element elementor-element-3e7a4c1a elementor-section-boxed elementor-section-height-default elementor-section-height-default\" data-id=\"3e7a4c1a\" data-element_type=\"section\">\n\t\t\t\t\t\t<div class=\"elementor-container elementor-column-gap-default\">\n\t\t\t\t\t<div class=\"elementor-column elementor-col-100 elementor-top-column elementor-element elementor-element-5a086efc\" data-id=\"5a086efc\" data-element_type=\"column\" data-settings=\"{&quot;background_background&quot;:&quot;classic&quot;}\">\n\t\t\t<div class=\"elementor-widget-wrap elementor-element-populated\">\n\t\t\t\t\t\t<div class=\"elementor-element elementor-element-296e2bdd elementor-widget elementor-widget-heading\" data-id=\"296e2bdd\" data-element_type=\"widget\" data-widget_type=\"heading.default\">\n\t\t\t\t<div class=\"elementor-widget-container\">\n\t\t\t\t\t<h2 class=\"elementor-heading-title elementor-size-default\">Administrativo<\/h2>\t\t\t\t<\/div>\n\t\t\t\t<\/div>\n\t\t\t\t<div class=\"elementor-element elementor-element-5efafea3 elementor-widget elementor-widget-heading\" data-id=\"5efafea3\" data-element_type=\"widget\" data-widget_type=\"heading.default\">\n\t\t\t\t<div class=\"elementor-widget-container\">\n\t\t\t\t\t<h2 class=\"elementor-heading-title elementor-size-default\">LEGISLA\u00c7\u00c3O<\/h2>\t\t\t\t<\/div>\n\t\t\t\t<\/div>\n\t\t\t\t<div class=\"elementor-element elementor-element-40b2d60d elementor-widget-divider--view-line elementor-widget elementor-widget-divider\" data-id=\"40b2d60d\" data-element_type=\"widget\" data-widget_type=\"divider.default\">\n\t\t\t\t<div class=\"elementor-widget-container\">\n\t\t\t\t\t\t\t<div class=\"elementor-divider\">\n\t\t\t<span class=\"elementor-divider-separator\">\n\t\t\t\t\t\t<\/span>\n\t\t<\/div>\n\t\t\t\t\t\t<\/div>\n\t\t\t\t<\/div>\n\t\t\t\t\t<\/div>\n\t\t<\/div>\n\t\t\t\t\t<\/div>\n\t\t<\/section>\n\t\t\t\t<section class=\"elementor-section elementor-top-section elementor-element elementor-element-7f1dec51 elementor-section-boxed elementor-section-height-default elementor-section-height-default\" data-id=\"7f1dec51\" data-element_type=\"section\">\n\t\t\t\t\t\t<div class=\"elementor-container elementor-column-gap-default\">\n\t\t\t\t\t<div class=\"elementor-column elementor-col-100 elementor-top-column elementor-element elementor-element-270f523e\" data-id=\"270f523e\" data-element_type=\"column\">\n\t\t\t<div class=\"elementor-widget-wrap elementor-element-populated\">\n\t\t\t\t\t\t<div class=\"elementor-element elementor-element-b31b2b3 elementor-tabs-alignment-stretch elementor-tabs-view-horizontal elementor-widget elementor-widget-tabs\" data-id=\"b31b2b3\" data-element_type=\"widget\" data-widget_type=\"tabs.default\">\n\t\t\t\t<div class=\"elementor-widget-container\">\n\t\t\t\t\t\t\t<div class=\"elementor-tabs\">\n\t\t\t<div class=\"elementor-tabs-wrapper\" role=\"tablist\" >\n\t\t\t\t\t\t\t\t\t<div id=\"elementor-tab-title-1871\" class=\"elementor-tab-title elementor-tab-desktop-title\" aria-selected=\"true\" data-tab=\"1\" role=\"tab\" tabindex=\"0\" aria-controls=\"elementor-tab-content-1871\" aria-expanded=\"false\">Lei n\u00ba 14.133<\/div>\n\t\t\t\t\t\t\t\t\t<div id=\"elementor-tab-title-1872\" class=\"elementor-tab-title elementor-tab-desktop-title\" aria-selected=\"false\" data-tab=\"2\" role=\"tab\" tabindex=\"-1\" aria-controls=\"elementor-tab-content-1872\" aria-expanded=\"false\">RESOLU\u00c7\u00c3O SMC N.\u00ba 516<\/div>\n\t\t\t\t\t\t\t\t\t<div id=\"elementor-tab-title-1873\" class=\"elementor-tab-title elementor-tab-desktop-title\" aria-selected=\"false\" data-tab=\"3\" role=\"tab\" tabindex=\"-1\" aria-controls=\"elementor-tab-content-1873\" aria-expanded=\"false\">Decreto n\u00ba 8.241<\/div>\n\t\t\t\t\t\t\t\t\t<div id=\"elementor-tab-title-1874\" class=\"elementor-tab-title elementor-tab-desktop-title\" aria-selected=\"false\" data-tab=\"4\" role=\"tab\" tabindex=\"-1\" aria-controls=\"elementor-tab-content-1874\" aria-expanded=\"false\">Lei n\u00ba 8.078<\/div>\n\t\t\t\t\t\t\t\t\t<div id=\"elementor-tab-title-1875\" class=\"elementor-tab-title elementor-tab-desktop-title\" aria-selected=\"false\" data-tab=\"5\" role=\"tab\" tabindex=\"-1\" aria-controls=\"elementor-tab-content-1875\" aria-expanded=\"false\">PETROBRAS<\/div>\n\t\t\t\t\t\t\t\t\t<div id=\"elementor-tab-title-1876\" class=\"elementor-tab-title elementor-tab-desktop-title\" aria-selected=\"false\" data-tab=\"6\" role=\"tab\" tabindex=\"-1\" aria-controls=\"elementor-tab-content-1876\" aria-expanded=\"false\">FINEP<\/div>\n\t\t\t\t\t\t\t<\/div>\n\t\t\t<div class=\"elementor-tabs-content-wrapper\" role=\"tablist\" aria-orientation=\"vertical\">\n\t\t\t\t\t\t\t\t\t<div class=\"elementor-tab-title elementor-tab-mobile-title\" aria-selected=\"true\" data-tab=\"1\" role=\"tab\" tabindex=\"0\" aria-controls=\"elementor-tab-content-1871\" aria-expanded=\"false\">Lei n\u00ba 14.133<\/div>\n\t\t\t\t\t<div id=\"elementor-tab-content-1871\" class=\"elementor-tab-content elementor-clearfix\" data-tab=\"1\" role=\"tabpanel\" aria-labelledby=\"elementor-tab-title-1871\" tabindex=\"0\" hidden=\"false\"><div class=\"wp-table\"><table><tbody><tr><th style=\"width: 150px;\">SEGMENTO<\/th><td>Nova Lei de licita\u00e7\u00f5es<\/td><\/tr><tr><th>PROCED\u00caNCIA<\/th><td>Presid\u00eancia da Rep\u00fablica<\/td><\/tr><tr><th>DATA VIGOR<\/th><td>04\/01\/2021<\/td><\/tr><tr><th>DESCRI\u00c7\u00c3O<\/th><td>Estabelece normas gerais de licita\u00e7\u00e3o e contrata\u00e7\u00e3o para as Administra\u00e7\u00f5es P\u00fablicas diretas, aut\u00e1rquicas e fundacionais da Uni\u00e3o, dos Estados, do Distrito Federal e dos Munic\u00edpios.<\/td><\/tr><tr><th>LINK<\/th><td><a href=\"http:\/\/www.planalto.gov.br\/ccivil_03\/_ato2019-2022\/2021\/lei\/L14133.htm\" target=\"_blank\" rel=\"nofollow noopener\">http:\/\/www.planalto.gov.br\/ccivil_03\/_ato2019-2022\/2021\/lei\/L14133.htm<\/a><\/td><\/tr><\/tbody><\/table><\/div><\/div>\n\t\t\t\t\t\t\t\t\t<div class=\"elementor-tab-title elementor-tab-mobile-title\" aria-selected=\"false\" data-tab=\"2\" role=\"tab\" tabindex=\"-1\" aria-controls=\"elementor-tab-content-1872\" aria-expanded=\"false\">RESOLU\u00c7\u00c3O SMC N.\u00ba 516<\/div>\n\t\t\t\t\t<div id=\"elementor-tab-content-1872\" class=\"elementor-tab-content elementor-clearfix\" data-tab=\"2\" role=\"tabpanel\" aria-labelledby=\"elementor-tab-title-1872\" tabindex=\"0\" hidden=\"hidden\"><div class=\"wp-table\"><table><tbody><tr><th style=\"width: 150px;\">SEGMENTO<\/th><td><span data-olk-copy-source=\"MessageBody\">Resolu\u00e7\u00e3o Municipal que estabelece procedimentos para presta\u00e7\u00e3o de contas<\/span><\/td><\/tr><tr><th>PROCED\u00caNCIA<\/th><td><span data-olk-copy-source=\"MessageBody\">Prefeitura Municipal do Estado do Rio de Janeiro<\/span><\/td><\/tr><tr><th>DATA VIGOR<\/th><td>30\/01\/2024<\/td><\/tr><tr><th>DESCRI\u00c7\u00c3O<\/th><td><span data-olk-copy-source=\"MessageBody\">Estabelece normas para a presta\u00e7\u00e3o de contas de recursos p\u00fablicos municipais concedidos pela Secretaria Municipal de Cultura (SMC) no \u00e2mbito de programas de fomento \u00e0 cultura, na cidade do Rio de Janeiro\/RJ.<\/span><\/td><\/tr><tr><th>LINK<\/th><td><a href=\"https:\/\/cultura.prefeitura.rio\/wp-content\/uploads\/sites\/38\/2025\/12\/ANEXO-12.-RESOLUCAO-SMC-_N_-No-516-DE-26-DE-JANEIRO-DE-2024.pdf\">https:\/\/cultura.prefeitura.rio\/wp-content\/uploads\/sites\/38\/2025\/12\/ANEXO-12.-RESOLUCAO-SMC-_N_-No-516-DE-26-DE-JANEIRO-DE-2024.pdf<\/a><\/td><\/tr><\/tbody><\/table><\/div><\/div>\n\t\t\t\t\t\t\t\t\t<div class=\"elementor-tab-title elementor-tab-mobile-title\" aria-selected=\"false\" data-tab=\"3\" role=\"tab\" tabindex=\"-1\" aria-controls=\"elementor-tab-content-1873\" aria-expanded=\"false\">Decreto n\u00ba 8.241<\/div>\n\t\t\t\t\t<div id=\"elementor-tab-content-1873\" class=\"elementor-tab-content elementor-clearfix\" data-tab=\"3\" role=\"tabpanel\" aria-labelledby=\"elementor-tab-title-1873\" tabindex=\"0\" hidden=\"hidden\"><div class=\"wp-table\"><table><tbody><tr><th style=\"width: 150px;\">SEGMENTO<\/th><td>Funda\u00e7\u00e3o de Apoio<\/td><\/tr><tr><th>PROCED\u00caNCIA<\/th><td>Presid\u00eancia da Rep\u00fablica<\/td><\/tr><tr><th>DATA VIGOR<\/th><td>21\/05\/2014<\/td><\/tr><tr><th>DESCRI\u00c7\u00c3O<\/th><td>Regulamenta o art. 3o da Lei no 8.958, de 20 de dezembro de 1994, para dispor sobre a aquisi\u00e7\u00e3o de bens e a contrata\u00e7\u00e3o de obras e servi\u00e7os pelas Funda\u00e7\u00f5es de Apoio.<\/td><\/tr><tr><th>LINK<\/th><td><a href=\"http:\/\/www.planalto.gov.br\/ccivil_03\/_ato2011-2014\/2014\/decreto\/d8241.htm\" target=\"_blank\" rel=\"nofollow noopener\">http:\/\/www.planalto.gov.br\/ccivil_03\/_ato2011-2014\/2014\/decreto\/d8241.htm<\/a><\/td><\/tr><\/tbody><\/table><\/div><\/div>\n\t\t\t\t\t\t\t\t\t<div class=\"elementor-tab-title elementor-tab-mobile-title\" aria-selected=\"false\" data-tab=\"4\" role=\"tab\" tabindex=\"-1\" aria-controls=\"elementor-tab-content-1874\" aria-expanded=\"false\">Lei n\u00ba 8.078<\/div>\n\t\t\t\t\t<div id=\"elementor-tab-content-1874\" class=\"elementor-tab-content elementor-clearfix\" data-tab=\"4\" role=\"tabpanel\" aria-labelledby=\"elementor-tab-title-1874\" tabindex=\"0\" hidden=\"hidden\"><div class=\"wp-table\"><table><tbody><tr><th style=\"width: 150px;\">SEGMENTO<\/th><td>C\u00f3digo de Defesa do Consumidor<\/td><\/tr><tr><th>PROCED\u00caNCIA<\/th><td>Presid\u00eancia da Rep\u00fablica<\/td><\/tr><tr><th>DATA VIGOR<\/th><td>09\/11\/1990<\/td><\/tr><tr><th>DESCRI\u00c7\u00c3O<\/th><td>Disp\u00f5e sobre a prote\u00e7\u00e3o do consumidor e d\u00e1 outras provid\u00eancias.<\/td><\/tr><tr><th>LINK<\/th><td><a href=\"http:\/\/www.planalto.gov.br\/ccivil_03\/leis\/l8078compilado.htm\" target=\"_blank\" rel=\"nofollow noopener\">http:\/\/www.planalto.gov.br\/ccivil_03\/leis\/l8078compilado.htm<\/a><\/td><\/tr><\/tbody><\/table><\/div><\/div>\n\t\t\t\t\t\t\t\t\t<div class=\"elementor-tab-title elementor-tab-mobile-title\" aria-selected=\"false\" data-tab=\"5\" role=\"tab\" tabindex=\"-1\" aria-controls=\"elementor-tab-content-1875\" aria-expanded=\"false\">PETROBRAS<\/div>\n\t\t\t\t\t<div id=\"elementor-tab-content-1875\" class=\"elementor-tab-content elementor-clearfix\" data-tab=\"5\" role=\"tabpanel\" aria-labelledby=\"elementor-tab-title-1875\" tabindex=\"0\" hidden=\"hidden\"><div class=\"wp-table\"><p>\u00a0<\/p><table><tbody><tr><th style=\"width: 150px;\">SEGMENTO<\/th><td>Pesquisa, Desenvolvimento e Inova\u00e7\u00e3o (P,D&amp;I).<\/td><\/tr><tr><th>PROCED\u00caNCIA<\/th><td>Petrobras<\/td><\/tr><tr><th>DATA VIGOR<\/th><td>17\/01\/2020<\/td><\/tr><tr><th>DESCRI\u00c7\u00c3O<\/th><td><div id=\"m_excelWebRenderer_ewaCtl_headerDiv\"><div id=\"m_excelWebRenderer_ewaCtl_m_formulaBar\" class=\"ewa-fb-nb ewa-fb-refactor\"><div class=\"ewa-fb drop-down\"><div id=\"m_excelWebRenderer_ewaCtl_formulaBarTextDivContainerId\" class=\"ewa-fb-text-div-container\"><div id=\"formulaBarTextDivId\" class=\"ewa-fb-text-box ewa-fb-text-box-new not-ie ql-container ql-disabled\"><div id=\"formulaBarTextDivId_textElement\" class=\"ql-editor ewa-rteTextElement\" dir=\"auto\" tabindex=\"0\" role=\"textbox\" contenteditable=\"false\" spellcheck=\"false\" data-gramm=\"false\" aria-label=\"formula bar\"><div class=\"ewa-rteLine\">Normatiza os procedimentos que disciplinam a aplica\u00e7\u00e3o de recursos da\u00a0PETROBRAS\u00a0em Institui\u00e7\u00f5es de Ci\u00eancia e Tecnologia (ICT&#8217;s) atrav\u00e9s de Termos de Coopera\u00e7\u00e3o.<\/div><\/div><\/div><\/div><\/div><\/div><\/div><\/td><\/tr><tr><th>LINK<\/th><td><a href=\"https:\/\/fundacaofemar.org.br\/portalwordpress\/wp-content\/uploads\/2026\/03\/manual-gestao_PETROBRAS_ATU_20AGO2025.pdf\">https:\/\/fundacaofemar.org.br\/portalwordpress\/wp-content\/uploads\/2022\/09\/Manual_de_Termo_de_Cooperacao.pdf<\/a><\/td><\/tr><\/tbody><\/table><\/div><\/div>\n\t\t\t\t\t\t\t\t\t<div class=\"elementor-tab-title elementor-tab-mobile-title\" aria-selected=\"false\" data-tab=\"6\" role=\"tab\" tabindex=\"-1\" aria-controls=\"elementor-tab-content-1876\" aria-expanded=\"false\">FINEP<\/div>\n\t\t\t\t\t<div id=\"elementor-tab-content-1876\" class=\"elementor-tab-content elementor-clearfix\" data-tab=\"6\" role=\"tabpanel\" aria-labelledby=\"elementor-tab-title-1876\" tabindex=\"0\" hidden=\"hidden\"><div class=\"wp-table\"><table><tbody><tr><th style=\"width: 150px;\">SEGMENTO<\/th><td>\u00a0<\/td><\/tr><tr><th>PROCED\u00caNCIA<\/th><td>FINEP<\/td><\/tr><tr><th>DATA VIGOR<\/th><td>06\/08\/2012<\/td><\/tr><tr><th>DESCRI\u00c7\u00c3O<\/th><td><div id=\"m_excelWebRenderer_ewaCtl_headerDiv\"><div id=\"m_excelWebRenderer_ewaCtl_m_formulaBar\" class=\"ewa-fb-nb ewa-fb-refactor\"><div class=\"ewa-fb drop-down\"><div id=\"m_excelWebRenderer_ewaCtl_formulaBarTextDivContainerId\" class=\"ewa-fb-text-div-container\"><div id=\"formulaBarTextDivId\" class=\"ewa-fb-text-box ewa-fb-text-box-new not-ie ql-container ql-disabled\"><div id=\"formulaBarTextDivId_textElement\" class=\"ql-editor ewa-rteTextElement\" dir=\"auto\" tabindex=\"0\" role=\"textbox\" contenteditable=\"false\" spellcheck=\"false\" data-gramm=\"false\" aria-label=\"formula bar\"><div class=\"ewa-rteLine\">Disciplinam a aplica\u00e7\u00e3o de recursos p\u00fablicos federais n\u00e3o-reembols\u00e1veis para \u00d3rg\u00e3os ou entidades da Administra\u00e7\u00e3o P\u00fablica direta ou indireta de qualquer esfera de governo, Institui\u00e7\u00f5es de Pesquisa Cient\u00edfica e Tecnol\u00f3gica e entidades privadas sem fins lucrativos, atrav\u00e9s da formaliza\u00e7\u00e3o de Conv\u00eanios e Termos de Coopera\u00e7\u00e3o, visando ao aperfei\u00e7oamento do relacionamento entre a Financiadora de Estudos e Projetos &#8211; FINEP e seus clientes.<\/div><\/div><\/div><\/div><\/div><\/div><\/div><div id=\"m_excelWebRenderer_ewaCtl_clientAreaDiv\" class=\"ewa-clientarea ewa-clientarea-read\"><div id=\"m_excelWebRenderer_ewaCtl_m_fieldManagerPane_m_root\" class=\"ewa-flp-ltr ewa-flp-border-ltr\" dir=\"ltr\" data-cssfile=\"https:\/\/c1h-excel-15.cdn.office.net:443\/x\/s\/h88729140A1C53014__layouts\/Resources\/1046\/FieldListPane.css\">\u00a0<\/div><div id=\"m_excelWebRenderer_ewaCtl_contentAreaDiv\" class=\"ewa-contentarea\" role=\"main\"><div id=\"gridKeyboardContentEditable\" class=\"ewa-gridKeyHandler ql-container\" tabindex=\"0\"><div id=\"gridKeyboardContentEditable_textElement\" class=\"ql-editor ql-blank ewa-rteTextElement\" dir=\"auto\" tabindex=\"0\" role=\"textbox\" contenteditable=\"true\" spellcheck=\"false\" data-gramm=\"false\" aria-label=\"grid\"><div class=\"ewa-rteLine\">\u00a0<\/div><\/div><\/div><\/div><\/div><\/td><\/tr><tr><th>LINK<\/th><td><a href=\"https:\/\/fundacaofemar.org.br\/portalwordpress\/wp-content\/uploads\/2022\/09\/M_OPE_002_10ManualdeConvenioseTCrev02.pdf\">https:\/\/fundacaofemar.org.br\/portalwordpress\/wp-content\/uploads\/2022\/09\/M_OPE_002_10ManualdeConvenioseTCrev02.pdf<\/a><\/td><\/tr><\/tbody><\/table><\/div><\/div>\n\t\t\t\t\t\t\t<\/div>\n\t\t<\/div>\n\t\t\t\t\t\t<\/div>\n\t\t\t\t<\/div>\n\t\t\t\t\t<\/div>\n\t\t<\/div>\n\t\t\t\t\t<\/div>\n\t\t<\/section>\n\t\t\t\t<section class=\"elementor-section elementor-top-section elementor-element elementor-element-6e42799a elementor-section-boxed elementor-section-height-default elementor-section-height-default\" data-id=\"6e42799a\" data-element_type=\"section\">\n\t\t\t\t\t\t<div class=\"elementor-container elementor-column-gap-default\">\n\t\t\t\t\t<div class=\"elementor-column elementor-col-100 elementor-top-column elementor-element elementor-element-411118e4\" data-id=\"411118e4\" data-element_type=\"column\">\n\t\t\t<div class=\"elementor-widget-wrap elementor-element-populated\">\n\t\t\t\t\t\t<section class=\"elementor-section elementor-inner-section elementor-element elementor-element-495cad02 elementor-section-boxed elementor-section-height-default elementor-section-height-default\" data-id=\"495cad02\" data-element_type=\"section\">\n\t\t\t\t\t\t<div class=\"elementor-container elementor-column-gap-no\">\n\t\t\t\t\t<div class=\"elementor-column elementor-col-100 elementor-inner-column elementor-element elementor-element-6c63d0da\" data-id=\"6c63d0da\" data-element_type=\"column\">\n\t\t\t<div class=\"elementor-widget-wrap elementor-element-populated\">\n\t\t\t\t\t\t<div class=\"elementor-element elementor-element-1b7a11f7 elementor-widget elementor-widget-heading\" data-id=\"1b7a11f7\" data-element_type=\"widget\" data-widget_type=\"heading.default\">\n\t\t\t\t<div class=\"elementor-widget-container\">\n\t\t\t\t\t<h2 class=\"elementor-heading-title elementor-size-default\">Situa\u00e7\u00e3o Jur\u00eddica<\/h2>\t\t\t\t<\/div>\n\t\t\t\t<\/div>\n\t\t\t\t<div class=\"elementor-element elementor-element-2ef3647a elementor-widget elementor-widget-heading\" data-id=\"2ef3647a\" data-element_type=\"widget\" data-widget_type=\"heading.default\">\n\t\t\t\t<div class=\"elementor-widget-container\">\n\t\t\t\t\t<h2 class=\"elementor-heading-title elementor-size-default\">Como Entidade, a FEMAR \u00e9 pessoa jur\u00eddica de direito privado, dotada de autonomia patrimonial, administrativa e financeira com fins n\u00e3o-lucrativos e regida por seu Estatuto, pelo Regimento Interno e pelas disposi\u00e7\u00f5es legais aplic\u00e1veis, inclu\u00eddas aquelas emanadas da Promotoria de Justi\u00e7a de Funda\u00e7\u00f5es do Rio de Janeiro. Em face de seus objetivos, a FEMAR \u00e9 considerada como Organiza\u00e7\u00e3o de Utilidade P\u00fablica Federal (Decreto n\u00b0 87.122 de 24 de setembro de 1982) e Estadual (Lei n\u00b0 1252 de 5 de janeiro de 1967).<\/h2>\t\t\t\t<\/div>\n\t\t\t\t<\/div>\n\t\t\t\t\t<\/div>\n\t\t<\/div>\n\t\t\t\t\t<\/div>\n\t\t<\/section>\n\t\t\t\t\t<\/div>\n\t\t<\/div>\n\t\t\t\t\t<\/div>\n\t\t<\/section>\n\t\t\t\t<\/div>\n\t\t<\/div>","protected":false},"excerpt":{"rendered":"<p>Administrativo LEGISLA\u00c7\u00c3O Lei n\u00ba 14.133 RESOLU\u00c7\u00c3O SMC N.\u00ba 516 Decreto n\u00ba 8.241 Lei n\u00ba 8.078<a href=\"https:\/\/fundacaofemar.org.br\/portalwordpress\/portal-de-compras\/legislacao-compras\/\" class=\"bizfit-read-more\">Leia Mais<i class=\"fa fa-long-arrow-right\" aria-hidden=\"true\"><\/i><\/a><\/p>\n","protected":false},"author":2,"featured_media":7015,"parent":6402,"menu_order":0,"comment_status":"closed","ping_status":"closed","template":"page-templates\/full-width.php","meta":{"footnotes":""},"class_list":["post-6967","page","type-page","status-publish","has-post-thumbnail","hentry"],"rise-blocks_excerpt":"Administrativo LEGISLA\u00c7\u00c3O Lei n\u00ba 14.133 RESOLU\u00c7\u00c3O SMC N.\u00ba 516 Decreto n\u00ba 8.241 Lei n\u00ba 8.078 PETROBRAS FINEP Lei n\u00ba 14.133 SEGMENTONova Lei de licita\u00e7\u00f5esPROCED\u00caNCIAPresid\u00eancia da Rep\u00fablicaDATA VIGOR04\/01\/2021DESCRI\u00c7\u00c3OEstabelece normas gerais de licita\u00e7\u00e3o e contrata\u00e7\u00e3o para as Administra\u00e7\u00f5es P\u00fablicas diretas, aut\u00e1rquicas e fundacionais da Uni\u00e3o, dos Estados, do Distrito Federal e dos Munic\u00edpios.LINKhttp:\/\/www.planalto.gov.br\/ccivil_03\/_ato2019-2022\/2021\/lei\/L14133.htm RESOLU\u00c7\u00c3O SMC N.\u00ba 516 SEGMENTOResolu\u00e7\u00e3o Municipal que estabelece procedimentos..","_links":{"self":[{"href":"https:\/\/fundacaofemar.org.br\/portalwordpress\/wp-json\/wp\/v2\/pages\/6967","targetHints":{"allow":["GET"]}}],"collection":[{"href":"https:\/\/fundacaofemar.org.br\/portalwordpress\/wp-json\/wp\/v2\/pages"}],"about":[{"href":"https:\/\/fundacaofemar.org.br\/portalwordpress\/wp-json\/wp\/v2\/types\/page"}],"author":[{"embeddable":true,"href":"https:\/\/fundacaofemar.org.br\/portalwordpress\/wp-json\/wp\/v2\/users\/2"}],"replies":[{"embeddable":true,"href":"https:\/\/fundacaofemar.org.br\/portalwordpress\/wp-json\/wp\/v2\/comments?post=6967"}],"version-history":[{"count":0,"href":"https:\/\/fundacaofemar.org.br\/portalwordpress\/wp-json\/wp\/v2\/pages\/6967\/revisions"}],"up":[{"embeddable":true,"href":"https:\/\/fundacaofemar.org.br\/portalwordpress\/wp-json\/wp\/v2\/pages\/6402"}],"wp:featuredmedia":[{"embeddable":true,"href":"https:\/\/fundacaofemar.org.br\/portalwordpress\/wp-json\/wp\/v2\/media\/7015"}],"wp:attachment":[{"href":"https:\/\/fundacaofemar.org.br\/portalwordpress\/wp-json\/wp\/v2\/media?parent=6967"}],"curies":[{"name":"wp","href":"https:\/\/api.w.org\/{rel}","templated":true}]}}