{"id":917,"date":"2021-04-07T06:35:35","date_gmt":"2021-04-07T09:35:35","guid":{"rendered":"https:\/\/preview.risethemes.com\/sites\/corporate\/?page_id=917"},"modified":"2022-05-04T23:59:19","modified_gmt":"2022-05-05T02:59:19","slug":"ensino","status":"publish","type":"page","link":"https:\/\/fundacaofemar.org.br\/portalwordpress\/atuacao\/ensino\/","title":{"rendered":"Ensino"},"content":{"rendered":"<div class=\"post-content\">\t\t<div data-elementor-type=\"wp-page\" data-elementor-id=\"917\" class=\"elementor elementor-917\">\n\t\t\t\t\t\t<section class=\"elementor-section elementor-top-section elementor-element elementor-element-342b7897 elementor-section-boxed elementor-section-height-default elementor-section-height-default\" data-id=\"342b7897\" data-element_type=\"section\">\n\t\t\t\t\t\t<div class=\"elementor-container elementor-column-gap-default\">\n\t\t\t\t\t<div class=\"elementor-column elementor-col-100 elementor-top-column elementor-element elementor-element-245220e4\" data-id=\"245220e4\" data-element_type=\"column\" data-settings=\"{&quot;background_background&quot;:&quot;classic&quot;}\">\n\t\t\t<div class=\"elementor-widget-wrap elementor-element-populated\">\n\t\t\t\t\t\t<div class=\"elementor-element elementor-element-7948ed19 elementor-widget elementor-widget-heading\" data-id=\"7948ed19\" data-element_type=\"widget\" data-widget_type=\"heading.default\">\n\t\t\t\t<div class=\"elementor-widget-container\">\n\t\t\t\t\t<h2 class=\"elementor-heading-title elementor-size-default\">Atua\u00e7\u00e3o<\/h2>\t\t\t\t<\/div>\n\t\t\t\t<\/div>\n\t\t\t\t<div class=\"elementor-element elementor-element-2fe38690 elementor-widget elementor-widget-heading\" data-id=\"2fe38690\" data-element_type=\"widget\" data-widget_type=\"heading.default\">\n\t\t\t\t<div class=\"elementor-widget-container\">\n\t\t\t\t\t<h2 class=\"elementor-heading-title elementor-size-default\">Ensino<\/h2>\t\t\t\t<\/div>\n\t\t\t\t<\/div>\n\t\t\t\t<div class=\"elementor-element elementor-element-65da5c5 elementor-widget-divider--view-line elementor-widget elementor-widget-divider\" data-id=\"65da5c5\" data-element_type=\"widget\" data-widget_type=\"divider.default\">\n\t\t\t\t<div class=\"elementor-widget-container\">\n\t\t\t\t\t\t\t<div class=\"elementor-divider\">\n\t\t\t<span class=\"elementor-divider-separator\">\n\t\t\t\t\t\t<\/span>\n\t\t<\/div>\n\t\t\t\t\t\t<\/div>\n\t\t\t\t<\/div>\n\t\t\t\t\t<\/div>\n\t\t<\/div>\n\t\t\t\t\t<\/div>\n\t\t<\/section>\n\t\t\t\t<section class=\"elementor-section elementor-top-section elementor-element elementor-element-6ca26bdb elementor-section-boxed elementor-section-height-default elementor-section-height-default\" data-id=\"6ca26bdb\" data-element_type=\"section\">\n\t\t\t\t\t\t<div class=\"elementor-container elementor-column-gap-no\">\n\t\t\t\t\t<div class=\"elementor-column elementor-col-100 elementor-top-column elementor-element elementor-element-ebd53c8\" data-id=\"ebd53c8\" data-element_type=\"column\">\n\t\t\t<div class=\"elementor-widget-wrap elementor-element-populated\">\n\t\t\t\t\t\t<div class=\"elementor-element elementor-element-0db7ce5 elementor-widget elementor-widget-heading\" data-id=\"0db7ce5\" data-element_type=\"widget\" data-widget_type=\"heading.default\">\n\t\t\t\t<div class=\"elementor-widget-container\">\n\t\t\t\t\t<h2 class=\"elementor-heading-title elementor-size-default\">A FEMAR possui larga tradi\u00e7\u00e3o no Ensino, desde a sua funda\u00e7\u00e3o em 1966 ministra cursos visando difundir a mentalidade mar\u00edtima. Suas atividades s\u00e3o desenvolvidas com base em duas regulamenta\u00e7\u00f5es: a <b>Lei do Ensino Profissional Mar\u00edtimo (EPM)<\/b>, regida e controlada pela Marinha do Brasil e pela <b>Lei de Diretrizes e Bases da Educa\u00e7\u00e3o (LDB)<\/b> 9.394\/96, do Minist\u00e9rio da Educa\u00e7\u00e3o.<\/h2>\t\t\t\t<\/div>\n\t\t\t\t<\/div>\n\t\t\t\t<div class=\"elementor-element elementor-element-2271c7eb elementor-widget elementor-widget-heading\" data-id=\"2271c7eb\" data-element_type=\"widget\" data-widget_type=\"heading.default\">\n\t\t\t\t<div class=\"elementor-widget-container\">\n\t\t\t\t\t<h2 class=\"elementor-heading-title elementor-size-default\">Para contribuir com a qualidade dos ensinamentos a FEMAR conta com um Centro de Simuladores com recursos instrucionais do tipo CBT \u2013 Computer Based Training \u2013 que permite aos alunos vivenciarem na pr\u00e1tica, a teoria aprendida por meio de t\u00e9cnicas de condu\u00e7\u00e3o de instala\u00e7\u00f5es de m\u00e1quinas, manobras de embarca\u00e7\u00f5es, opera\u00e7\u00f5es de socorro e salvamento e de com\u00e9rcio mar\u00edtimo, previstas nos curr\u00edculos de diversos cursos ministrados por esta Funda\u00e7\u00e3o.<\/h2>\t\t\t\t<\/div>\n\t\t\t\t<\/div>\n\t\t\t\t\t<\/div>\n\t\t<\/div>\n\t\t\t\t\t<\/div>\n\t\t<\/section>\n\t\t\t\t<section class=\"elementor-section elementor-top-section elementor-element elementor-element-2e2ef9e9 elementor-section-boxed elementor-section-height-default elementor-section-height-default\" data-id=\"2e2ef9e9\" data-element_type=\"section\" data-settings=\"{&quot;background_background&quot;:&quot;classic&quot;}\">\n\t\t\t\t\t\t<div class=\"elementor-container elementor-column-gap-no\">\n\t\t\t\t\t<div class=\"elementor-column elementor-col-100 elementor-top-column elementor-element elementor-element-2b5f37f0\" data-id=\"2b5f37f0\" data-element_type=\"column\">\n\t\t\t<div class=\"elementor-widget-wrap elementor-element-populated\">\n\t\t\t\t\t\t<section class=\"elementor-section elementor-inner-section elementor-element elementor-element-75e0a85 elementor-section-boxed elementor-section-height-default elementor-section-height-default\" data-id=\"75e0a85\" data-element_type=\"section\">\n\t\t\t\t\t\t<div class=\"elementor-container elementor-column-gap-default\">\n\t\t\t\t\t<div class=\"elementor-column elementor-col-100 elementor-inner-column elementor-element elementor-element-f6bc9f3\" data-id=\"f6bc9f3\" data-element_type=\"column\">\n\t\t\t<div class=\"elementor-widget-wrap elementor-element-populated\">\n\t\t\t\t\t\t<div class=\"elementor-element elementor-element-3ad02ab elementor-widget elementor-widget-heading\" data-id=\"3ad02ab\" data-element_type=\"widget\" data-widget_type=\"heading.default\">\n\t\t\t\t<div class=\"elementor-widget-container\">\n\t\t\t\t\t<h2 class=\"elementor-heading-title elementor-size-default\">ETEMAR<\/h2>\t\t\t\t<\/div>\n\t\t\t\t<\/div>\n\t\t\t\t<div class=\"elementor-element elementor-element-e2327e0 elementor-widget elementor-widget-heading\" data-id=\"e2327e0\" data-element_type=\"widget\" data-widget_type=\"heading.default\">\n\t\t\t\t<div class=\"elementor-widget-container\">\n\t\t\t\t\t<h2 class=\"elementor-heading-title elementor-size-default\">Escola T\u00e9cnica de Estudos do Mar<\/h2>\t\t\t\t<\/div>\n\t\t\t\t<\/div>\n\t\t\t\t<div class=\"elementor-element elementor-element-14f18fe elementor-widget-divider--view-line elementor-widget elementor-widget-divider\" data-id=\"14f18fe\" data-element_type=\"widget\" data-widget_type=\"divider.default\">\n\t\t\t\t<div class=\"elementor-widget-container\">\n\t\t\t\t\t\t\t<div class=\"elementor-divider\">\n\t\t\t<span class=\"elementor-divider-separator\">\n\t\t\t\t\t\t<\/span>\n\t\t<\/div>\n\t\t\t\t\t\t<\/div>\n\t\t\t\t<\/div>\n\t\t\t\t\t<\/div>\n\t\t<\/div>\n\t\t\t\t\t<\/div>\n\t\t<\/section>\n\t\t\t\t<section class=\"elementor-section elementor-inner-section elementor-element elementor-element-b5c7ba3 elementor-section-full_width elementor-section-height-default elementor-section-height-default\" data-id=\"b5c7ba3\" data-element_type=\"section\">\n\t\t\t\t\t\t<div class=\"elementor-container elementor-column-gap-no\">\n\t\t\t\t\t<div class=\"elementor-column elementor-col-100 elementor-inner-column elementor-element elementor-element-64cd442\" data-id=\"64cd442\" data-element_type=\"column\">\n\t\t\t<div class=\"elementor-widget-wrap elementor-element-populated\">\n\t\t\t\t\t\t<div class=\"elementor-element elementor-element-c5d2ea1 elementor-widget-mobile__width-inherit elementor-widget elementor-widget-heading\" data-id=\"c5d2ea1\" data-element_type=\"widget\" data-widget_type=\"heading.default\">\n\t\t\t\t<div class=\"elementor-widget-container\">\n\t\t\t\t\t<h2 class=\"elementor-heading-title elementor-size-default\">A cria\u00e7\u00e3o da <b>Escola T\u00e9cnica de Estudos do Mar<\/b> teve como origem a \u201cvontade\u201d de a Funda\u00e7\u00e3o de Estudos do Mar (FEMAR) voltar a ter em sua estrutura organizacional uma Unidade Especifica de Ensino, como, na d\u00e9cada de 1960, que tinha o Instituto Superior do Mar-INSUMAR. Em 03 de junho de 2015, foi realizada a Cerim\u00f4nia de Descerramento da Placa de Inaugura\u00e7\u00e3o da ETEMAR.<\/h2>\t\t\t\t<\/div>\n\t\t\t\t<\/div>\n\t\t\t\t<div class=\"elementor-element elementor-element-69e364b elementor-widget-mobile__width-inherit elementor-widget elementor-widget-heading\" data-id=\"69e364b\" data-element_type=\"widget\" data-widget_type=\"heading.default\">\n\t\t\t\t<div class=\"elementor-widget-container\">\n\t\t\t\t\t<h2 class=\"elementor-heading-title elementor-size-default\">A ETEMAR \u00e9 integrada \u00e0 estrutura organizacional da Funda\u00e7\u00e3o e utiliza, para sua administra\u00e7\u00e3o pedag\u00f3gica e realiza\u00e7\u00e3o de seus cursos, as salas e recursos instrucionais j\u00e1 existentes na Superintend\u00eancia de Ensino da FEMAR.<\/h2>\t\t\t\t<\/div>\n\t\t\t\t<\/div>\n\t\t\t\t<div class=\"elementor-element elementor-element-9db398c elementor-widget-mobile__width-inherit elementor-widget elementor-widget-heading\" data-id=\"9db398c\" data-element_type=\"widget\" data-widget_type=\"heading.default\">\n\t\t\t\t<div class=\"elementor-widget-container\">\n\t\t\t\t\t<h2 class=\"elementor-heading-title elementor-size-default\">Atualmente, a ETEMAR possui credenciamento junto a Secretaria de Estado de Educa\u00e7\u00e3o do Rio de Janeiro \u2013 SEEDUC RJ, para ministrar os Cursos T\u00e9cnicos em Transporte Aquavi\u00e1rio, em Portos e em Com\u00e9rcio Exterior.<\/h2>\t\t\t\t<\/div>\n\t\t\t\t<\/div>\n\t\t\t\t<div class=\"elementor-element elementor-element-63faf3b5 elementor-align-center elementor-tablet-align-center elementor-widget-mobile__width-inherit elementor-widget elementor-widget-button\" data-id=\"63faf3b5\" data-element_type=\"widget\" data-widget_type=\"button.default\">\n\t\t\t\t<div class=\"elementor-widget-container\">\n\t\t\t\t\t\t\t\t\t<div class=\"elementor-button-wrapper\">\n\t\t\t\t\t<a class=\"elementor-button elementor-button-link elementor-size-sm\" href=\"https:\/\/fundacaofemar.org.br\/portalwordpress\/etemar\/\">\n\t\t\t\t\t\t<span class=\"elementor-button-content-wrapper\">\n\t\t\t\t\t\t\t\t\t<span class=\"elementor-button-text\">Saiba Mais<\/span>\n\t\t\t\t\t<\/span>\n\t\t\t\t\t<\/a>\n\t\t\t\t<\/div>\n\t\t\t\t\t\t\t\t<\/div>\n\t\t\t\t<\/div>\n\t\t\t\t<div class=\"elementor-element elementor-element-0b95401 elementor-widget elementor-widget-image\" data-id=\"0b95401\" data-element_type=\"widget\" data-widget_type=\"image.default\">\n\t\t\t\t<div class=\"elementor-widget-container\">\n\t\t\t\t\t\t\t\t\t\t\t\t\t\t\t<img fetchpriority=\"high\" decoding=\"async\" width=\"640\" height=\"425\" src=\"https:\/\/fundacaofemar.org.br\/portalwordpress\/wp-content\/uploads\/2021\/09\/etemar-inauguracao.png\" class=\"elementor-animation-grow attachment-large size-large wp-image-7427\" alt=\"\" srcset=\"https:\/\/fundacaofemar.org.br\/portalwordpress\/wp-content\/uploads\/2021\/09\/etemar-inauguracao.png 722w, https:\/\/fundacaofemar.org.br\/portalwordpress\/wp-content\/uploads\/2021\/09\/etemar-inauguracao-300x199.png 300w\" sizes=\"(max-width: 640px) 100vw, 640px\" \/>\t\t\t\t\t\t\t\t\t\t\t\t\t\t\t<\/div>\n\t\t\t\t<\/div>\n\t\t\t\t\t<\/div>\n\t\t<\/div>\n\t\t\t\t\t<\/div>\n\t\t<\/section>\n\t\t\t\t\t<\/div>\n\t\t<\/div>\n\t\t\t\t\t<\/div>\n\t\t<\/section>\n\t\t\t\t<section class=\"elementor-section elementor-top-section elementor-element elementor-element-aa7bd15 elementor-section-boxed elementor-section-height-default elementor-section-height-default\" data-id=\"aa7bd15\" data-element_type=\"section\" data-settings=\"{&quot;background_background&quot;:&quot;classic&quot;}\">\n\t\t\t\t\t\t<div class=\"elementor-container elementor-column-gap-no\">\n\t\t\t\t\t<div class=\"elementor-column elementor-col-100 elementor-top-column elementor-element elementor-element-f73618d\" data-id=\"f73618d\" data-element_type=\"column\">\n\t\t\t<div class=\"elementor-widget-wrap elementor-element-populated\">\n\t\t\t\t\t\t<section class=\"elementor-section elementor-inner-section elementor-element elementor-element-ccbd9a5 elementor-section-boxed elementor-section-height-default elementor-section-height-default\" data-id=\"ccbd9a5\" data-element_type=\"section\">\n\t\t\t\t\t\t<div class=\"elementor-container elementor-column-gap-default\">\n\t\t\t\t\t<div class=\"elementor-column elementor-col-100 elementor-inner-column elementor-element elementor-element-55e0b6f\" data-id=\"55e0b6f\" data-element_type=\"column\">\n\t\t\t<div class=\"elementor-widget-wrap elementor-element-populated\">\n\t\t\t\t\t\t<div class=\"elementor-element elementor-element-a4be3ec elementor-widget elementor-widget-heading\" data-id=\"a4be3ec\" data-element_type=\"widget\" data-widget_type=\"heading.default\">\n\t\t\t\t<div class=\"elementor-widget-container\">\n\t\t\t\t\t<h2 class=\"elementor-heading-title elementor-size-default\">EPM<\/h2>\t\t\t\t<\/div>\n\t\t\t\t<\/div>\n\t\t\t\t<div class=\"elementor-element elementor-element-1a2d7cf elementor-widget elementor-widget-heading\" data-id=\"1a2d7cf\" data-element_type=\"widget\" data-widget_type=\"heading.default\">\n\t\t\t\t<div class=\"elementor-widget-container\">\n\t\t\t\t\t<h2 class=\"elementor-heading-title elementor-size-default\">Ensino Profissional Mar\u00edtimo<\/h2>\t\t\t\t<\/div>\n\t\t\t\t<\/div>\n\t\t\t\t<div class=\"elementor-element elementor-element-5b644b5 elementor-widget-divider--view-line elementor-widget elementor-widget-divider\" data-id=\"5b644b5\" data-element_type=\"widget\" data-widget_type=\"divider.default\">\n\t\t\t\t<div class=\"elementor-widget-container\">\n\t\t\t\t\t\t\t<div class=\"elementor-divider\">\n\t\t\t<span class=\"elementor-divider-separator\">\n\t\t\t\t\t\t<\/span>\n\t\t<\/div>\n\t\t\t\t\t\t<\/div>\n\t\t\t\t<\/div>\n\t\t\t\t\t<\/div>\n\t\t<\/div>\n\t\t\t\t\t<\/div>\n\t\t<\/section>\n\t\t\t\t<section class=\"elementor-section elementor-inner-section elementor-element elementor-element-3433b35 elementor-section-content-middle elementor-section-boxed elementor-section-height-default elementor-section-height-default\" data-id=\"3433b35\" data-element_type=\"section\">\n\t\t\t\t\t\t<div class=\"elementor-container elementor-column-gap-no\">\n\t\t\t\t\t<div class=\"elementor-column elementor-col-100 elementor-inner-column elementor-element elementor-element-145002d\" data-id=\"145002d\" data-element_type=\"column\">\n\t\t\t<div class=\"elementor-widget-wrap elementor-element-populated\">\n\t\t\t\t\t\t<div class=\"elementor-element elementor-element-28650902 elementor-widget elementor-widget-text-editor\" data-id=\"28650902\" data-element_type=\"widget\" data-widget_type=\"text-editor.default\">\n\t\t\t\t<div class=\"elementor-widget-container\">\n\t\t\t\t\t\t\t\t\tO EPM \u00e9 regido pela Lei n\u00ba 7.573, de 23 de dezembro de 1986, que disp\u00f5e sobre o Ensino Profissional Mar\u00edtimo, e por meio do Decreto n\u00ba 112, de 6 de maio de1991 que altera o Decreto n\u00ba 94.536, de 29 de junho de 1987, que regulamenta a Lei do Ensino Profissional Mar\u00edtimo &#8211; EPM.\t\t\t\t\t\t\t\t<\/div>\n\t\t\t\t<\/div>\n\t\t\t\t<div class=\"elementor-element elementor-element-eb48212 elementor-widget elementor-widget-text-editor\" data-id=\"eb48212\" data-element_type=\"widget\" data-widget_type=\"text-editor.default\">\n\t\t\t\t<div class=\"elementor-widget-container\">\n\t\t\t\t\t\t\t\t\tO Ensino Profissional Mar\u00edtimo tem como prop\u00f3sito formar e capacitar pessoal para atuar na Marinha Mercante, este \u00e9 segmentado nas seguintes categorias: AQUAVI\u00c1RIOS\/ ATIVIDADES CORRELATAS\/ PORTU\u00c1RIOS E OFFSHORE.\t\t\t\t\t\t\t\t<\/div>\n\t\t\t\t<\/div>\n\t\t\t\t\t<\/div>\n\t\t<\/div>\n\t\t\t\t\t<\/div>\n\t\t<\/section>\n\t\t\t\t<section class=\"elementor-section elementor-inner-section elementor-element elementor-element-2a65ae46 elementor-section-content-middle elementor-section-boxed elementor-section-height-default elementor-section-height-default\" data-id=\"2a65ae46\" data-element_type=\"section\">\n\t\t\t\t\t\t<div class=\"elementor-container elementor-column-gap-no\">\n\t\t\t\t\t<div class=\"elementor-column elementor-col-100 elementor-inner-column elementor-element elementor-element-5330aa1e\" data-id=\"5330aa1e\" data-element_type=\"column\">\n\t\t\t<div class=\"elementor-widget-wrap elementor-element-populated\">\n\t\t\t\t\t\t<div class=\"elementor-element elementor-element-58fc1d3a elementor-widget elementor-widget-heading\" data-id=\"58fc1d3a\" data-element_type=\"widget\" data-widget_type=\"heading.default\">\n\t\t\t\t<div class=\"elementor-widget-container\">\n\t\t\t\t\t<h2 class=\"elementor-heading-title elementor-size-default\">EPM AQUAVI\u00c1RIOS<\/h2>\t\t\t\t<\/div>\n\t\t\t\t<\/div>\n\t\t\t\t<div class=\"elementor-element elementor-element-74bfaa8 elementor-widget-divider--view-line elementor-widget elementor-widget-divider\" data-id=\"74bfaa8\" data-element_type=\"widget\" data-widget_type=\"divider.default\">\n\t\t\t\t<div class=\"elementor-widget-container\">\n\t\t\t\t\t\t\t<div class=\"elementor-divider\">\n\t\t\t<span class=\"elementor-divider-separator\">\n\t\t\t\t\t\t<\/span>\n\t\t<\/div>\n\t\t\t\t\t\t<\/div>\n\t\t\t\t<\/div>\n\t\t\t\t<div class=\"elementor-element elementor-element-97baf1c elementor-widget elementor-widget-text-editor\" data-id=\"97baf1c\" data-element_type=\"widget\" data-widget_type=\"text-editor.default\">\n\t\t\t\t<div class=\"elementor-widget-container\">\n\t\t\t\t\t\t\t\t\tA Funda\u00e7\u00e3o de Estudos do Mar, \u00e9 credenciada, junto \u00e0 Diretoria de Portos e Costas (DPC), para ministrar cursos do Ensino Profissional Mar\u00edtimo (EPM) para Aquavi\u00e1rios na condi\u00e7\u00e3o de Extra Fundo do Desenvolvimento. Desde 2012 em parceria com institui\u00e7\u00f5es p\u00fablicas e privadas, contribui com a Forma\u00e7\u00e3o de Desenvolvimento Profissional dos Mar\u00edtimos, de acordo com a STCW (Conven\u00e7\u00e3o Internacional sobre Normas de Treinamento, Certifica\u00e7\u00e3o e Servi\u00e7o de Quarto para Mar\u00edtimos), contribuindo assim para qualifica\u00e7\u00e3o profissional.\t\t\t\t\t\t\t\t<\/div>\n\t\t\t\t<\/div>\n\t\t\t\t<div class=\"elementor-element elementor-element-199888a elementor-widget elementor-widget-text-editor\" data-id=\"199888a\" data-element_type=\"widget\" data-widget_type=\"text-editor.default\">\n\t\t\t\t<div class=\"elementor-widget-container\">\n\t\t\t\t\t\t\t\t\tEstes cursos, em conformidade com previsto na NORMAM-30, s\u00e3o realizados quando autorizados pela Diretoria de Portos e Costas (DPC) e integralmente custeados pela empresa contratante, n\u00e3o cabendo aos alunos e\/ou terceiros o pagamento de quaisquer valores, seja a que t\u00edtulo for, em fun\u00e7\u00e3o do curso a ser ministrado. \t\t\t\t\t\t\t\t<\/div>\n\t\t\t\t<\/div>\n\t\t\t\t<div class=\"elementor-element elementor-element-6786027 elementor-widget elementor-widget-spacer\" data-id=\"6786027\" data-element_type=\"widget\" data-widget_type=\"spacer.default\">\n\t\t\t\t<div class=\"elementor-widget-container\">\n\t\t\t\t\t\t\t<div class=\"elementor-spacer\">\n\t\t\t<div class=\"elementor-spacer-inner\"><\/div>\n\t\t<\/div>\n\t\t\t\t\t\t<\/div>\n\t\t\t\t<\/div>\n\t\t\t\t<div class=\"elementor-element elementor-element-1e2e2308 elementor-widget elementor-widget-heading\" data-id=\"1e2e2308\" data-element_type=\"widget\" data-widget_type=\"heading.default\">\n\t\t\t\t<div class=\"elementor-widget-container\">\n\t\t\t\t\t<h2 class=\"elementor-heading-title elementor-size-default\">EPM Atividades Correlatas<\/h2>\t\t\t\t<\/div>\n\t\t\t\t<\/div>\n\t\t\t\t<div class=\"elementor-element elementor-element-a13c93e elementor-widget-divider--view-line elementor-widget elementor-widget-divider\" data-id=\"a13c93e\" data-element_type=\"widget\" data-widget_type=\"divider.default\">\n\t\t\t\t<div class=\"elementor-widget-container\">\n\t\t\t\t\t\t\t<div class=\"elementor-divider\">\n\t\t\t<span class=\"elementor-divider-separator\">\n\t\t\t\t\t\t<\/span>\n\t\t<\/div>\n\t\t\t\t\t\t<\/div>\n\t\t\t\t<\/div>\n\t\t\t\t<div class=\"elementor-element elementor-element-65748f07 elementor-widget elementor-widget-text-editor\" data-id=\"65748f07\" data-element_type=\"widget\" data-widget_type=\"text-editor.default\">\n\t\t\t\t<div class=\"elementor-widget-container\">\n\t\t\t\t\t\t\t\t\tDesde 1993, a Funda\u00e7\u00e3o em parceria com a Diretoria de Portos e Costas (DPC) tem ministrado por meio do Programa do Ensino Profissional Mar\u00edtimo \u2013 Atividades Correlatas (PREPOM AC) diversos cursos livres para o pessoal n\u00e3o embarcado, funcion\u00e1rios de Ag\u00eancias \/ Empresas de Navega\u00e7\u00e3o e Operadores Portu\u00e1rios, em 17 cidades do Brasil. \t\t\t\t\t\t\t\t<\/div>\n\t\t\t\t<\/div>\n\t\t\t\t\t<\/div>\n\t\t<\/div>\n\t\t\t\t\t<\/div>\n\t\t<\/section>\n\t\t\t\t\t<\/div>\n\t\t<\/div>\n\t\t\t\t\t<\/div>\n\t\t<\/section>\n\t\t\t\t<section class=\"elementor-section elementor-top-section elementor-element elementor-element-209df415 elementor-section-boxed elementor-section-height-default elementor-section-height-default\" data-id=\"209df415\" data-element_type=\"section\" data-settings=\"{&quot;background_background&quot;:&quot;classic&quot;}\">\n\t\t\t\t\t\t<div class=\"elementor-container elementor-column-gap-no\">\n\t\t\t\t\t<div class=\"elementor-column elementor-col-100 elementor-top-column elementor-element elementor-element-5c6196db\" data-id=\"5c6196db\" data-element_type=\"column\">\n\t\t\t<div class=\"elementor-widget-wrap elementor-element-populated\">\n\t\t\t\t\t\t<section class=\"elementor-section elementor-inner-section elementor-element elementor-element-5722a3c8 elementor-section-content-middle elementor-section-boxed elementor-section-height-default elementor-section-height-default\" data-id=\"5722a3c8\" data-element_type=\"section\">\n\t\t\t\t\t\t<div class=\"elementor-container elementor-column-gap-default\">\n\t\t\t\t\t<div class=\"elementor-column elementor-col-100 elementor-inner-column elementor-element elementor-element-721f4513\" data-id=\"721f4513\" data-element_type=\"column\">\n\t\t\t<div class=\"elementor-widget-wrap elementor-element-populated\">\n\t\t\t\t\t\t<div class=\"elementor-element elementor-element-481ac1c8 elementor-align-center elementor-mobile-align-center elementor-widget elementor-widget-button\" data-id=\"481ac1c8\" data-element_type=\"widget\" data-widget_type=\"button.default\">\n\t\t\t\t<div class=\"elementor-widget-container\">\n\t\t\t\t\t\t\t\t\t<div class=\"elementor-button-wrapper\">\n\t\t\t\t\t<a class=\"elementor-button elementor-button-link elementor-size-xs\" href=\"https:\/\/www.marinha.mil.br\/dpc\/content\/rela%C3%A7%C3%A3o-de-empresas-credenciadas\" target=\"_blank\">\n\t\t\t\t\t\t<span class=\"elementor-button-content-wrapper\">\n\t\t\t\t\t\t\t\t\t<span class=\"elementor-button-text\">Cursos Credenciados pela dpc<\/span>\n\t\t\t\t\t<\/span>\n\t\t\t\t\t<\/a>\n\t\t\t\t<\/div>\n\t\t\t\t\t\t\t\t<\/div>\n\t\t\t\t<\/div>\n\t\t\t\t\t<\/div>\n\t\t<\/div>\n\t\t\t\t\t<\/div>\n\t\t<\/section>\n\t\t\t\t\t<\/div>\n\t\t<\/div>\n\t\t\t\t\t<\/div>\n\t\t<\/section>\n\t\t\t\t<section class=\"elementor-section elementor-top-section elementor-element elementor-element-267b6f5 elementor-section-boxed elementor-section-height-default elementor-section-height-default\" data-id=\"267b6f5\" data-element_type=\"section\">\n\t\t\t\t\t\t<div class=\"elementor-container elementor-column-gap-default\">\n\t\t\t\t\t<div class=\"elementor-column elementor-col-100 elementor-top-column elementor-element elementor-element-75b14db9\" data-id=\"75b14db9\" data-element_type=\"column\">\n\t\t\t<div class=\"elementor-widget-wrap elementor-element-populated\">\n\t\t\t\t\t\t<div class=\"elementor-element elementor-element-6d0b845d elementor-widget elementor-widget-heading\" data-id=\"6d0b845d\" data-element_type=\"widget\" data-widget_type=\"heading.default\">\n\t\t\t\t<div class=\"elementor-widget-container\">\n\t\t\t\t\t<h2 class=\"elementor-heading-title elementor-size-default\">Ensino<\/h2>\t\t\t\t<\/div>\n\t\t\t\t<\/div>\n\t\t\t\t<div class=\"elementor-element elementor-element-101904a8 elementor-widget elementor-widget-heading\" data-id=\"101904a8\" data-element_type=\"widget\" data-widget_type=\"heading.default\">\n\t\t\t\t<div class=\"elementor-widget-container\">\n\t\t\t\t\t<h2 class=\"elementor-heading-title elementor-size-default\">Saiba MAis<\/h2>\t\t\t\t<\/div>\n\t\t\t\t<\/div>\n\t\t\t\t<div class=\"elementor-element elementor-element-6dfcf154 elementor-widget-divider--view-line elementor-widget elementor-widget-divider\" data-id=\"6dfcf154\" data-element_type=\"widget\" data-widget_type=\"divider.default\">\n\t\t\t\t<div class=\"elementor-widget-container\">\n\t\t\t\t\t\t\t<div class=\"elementor-divider\">\n\t\t\t<span class=\"elementor-divider-separator\">\n\t\t\t\t\t\t<\/span>\n\t\t<\/div>\n\t\t\t\t\t\t<\/div>\n\t\t\t\t<\/div>\n\t\t\t\t<section class=\"elementor-section elementor-inner-section elementor-element elementor-element-454e3bcf elementor-section-boxed elementor-section-height-default elementor-section-height-default\" data-id=\"454e3bcf\" data-element_type=\"section\">\n\t\t\t\t\t\t<div class=\"elementor-container elementor-column-gap-default\">\n\t\t\t\t\t<div class=\"elementor-column elementor-col-50 elementor-inner-column elementor-element elementor-element-7f79e5a0\" data-id=\"7f79e5a0\" data-element_type=\"column\">\n\t\t\t<div class=\"elementor-widget-wrap elementor-element-populated\">\n\t\t\t\t\t\t<div class=\"elementor-element elementor-element-171640b4 elementor-widget elementor-widget-image\" data-id=\"171640b4\" data-element_type=\"widget\" data-widget_type=\"image.default\">\n\t\t\t\t<div class=\"elementor-widget-container\">\n\t\t\t\t\t\t\t\t\t\t\t\t\t\t\t<img decoding=\"async\" width=\"2041\" height=\"2560\" src=\"https:\/\/fundacaofemar.org.br\/portalwordpress\/wp-content\/uploads\/2021\/08\/20190514_090856-scaled.jpg\" class=\"elementor-animation-grow attachment-full size-full wp-image-3790\" alt=\"\" srcset=\"https:\/\/fundacaofemar.org.br\/portalwordpress\/wp-content\/uploads\/2021\/08\/20190514_090856-scaled.jpg 2041w, https:\/\/fundacaofemar.org.br\/portalwordpress\/wp-content\/uploads\/2021\/08\/20190514_090856-239x300.jpg 239w, https:\/\/fundacaofemar.org.br\/portalwordpress\/wp-content\/uploads\/2021\/08\/20190514_090856-816x1024.jpg 816w, https:\/\/fundacaofemar.org.br\/portalwordpress\/wp-content\/uploads\/2021\/08\/20190514_090856-768x963.jpg 768w, https:\/\/fundacaofemar.org.br\/portalwordpress\/wp-content\/uploads\/2021\/08\/20190514_090856-1225x1536.jpg 1225w, https:\/\/fundacaofemar.org.br\/portalwordpress\/wp-content\/uploads\/2021\/08\/20190514_090856-1633x2048.jpg 1633w\" sizes=\"(max-width: 2041px) 100vw, 2041px\" \/>\t\t\t\t\t\t\t\t\t\t\t\t\t\t\t<\/div>\n\t\t\t\t<\/div>\n\t\t\t\t\t<\/div>\n\t\t<\/div>\n\t\t\t\t<div class=\"elementor-column elementor-col-50 elementor-inner-column elementor-element elementor-element-7ad4821b\" data-id=\"7ad4821b\" data-element_type=\"column\">\n\t\t\t<div class=\"elementor-widget-wrap elementor-element-populated\">\n\t\t\t\t\t\t<div class=\"elementor-element elementor-element-28601e74 elementor-widget elementor-widget-heading\" data-id=\"28601e74\" data-element_type=\"widget\" data-widget_type=\"heading.default\">\n\t\t\t\t<div class=\"elementor-widget-container\">\n\t\t\t\t\t<h2 class=\"elementor-heading-title elementor-size-default\">Sistema Integrado de Gest\u00e3o do Ensino<\/h2>\t\t\t\t<\/div>\n\t\t\t\t<\/div>\n\t\t\t\t<div class=\"elementor-element elementor-element-6d450e21 elementor-widget elementor-widget-text-editor\" data-id=\"6d450e21\" data-element_type=\"widget\" data-widget_type=\"text-editor.default\">\n\t\t\t\t<div class=\"elementor-widget-container\">\n\t\t\t\t\t\t\t\t\t<p>Os cursos ministrados pela FEMAR e ETEMAR s\u00e3o administrados por meio de um Sistema Integrado de Gest\u00e3o de Ensino &#8211; SIGE, com acesso aos perfis de gestores, docentes e discentes, permitindo maior efici\u00eancia e transpar\u00eancia no processo ensino-aprendizagem. .<\/p>\t\t\t\t\t\t\t\t<\/div>\n\t\t\t\t<\/div>\n\t\t\t\t<div class=\"elementor-element elementor-element-3b6f8c10 elementor-widget elementor-widget-heading\" data-id=\"3b6f8c10\" data-element_type=\"widget\" data-widget_type=\"heading.default\">\n\t\t\t\t<div class=\"elementor-widget-container\">\n\t\t\t\t\t<h2 class=\"elementor-heading-title elementor-size-default\">Centro de Simuladores da FEMAR<\/h2>\t\t\t\t<\/div>\n\t\t\t\t<\/div>\n\t\t\t\t<div class=\"elementor-element elementor-element-364ba0ea elementor-widget elementor-widget-text-editor\" data-id=\"364ba0ea\" data-element_type=\"widget\" data-widget_type=\"text-editor.default\">\n\t\t\t\t<div class=\"elementor-widget-container\">\n\t\t\t\t\t\t\t\t\t<p>A FEMAR possui um Centro de Simuladores Mar\u00edtimos &#8211; CSM (Centro de Simuladores Marltimos), com recursos instrucionais do tipo Computer Based Training-CBT, que permite aos instrutores realizarem, al\u00e9m das aulas te\u00f3ricas, treinamentos pr\u00e1ticos sobre diversas t\u00e9cnicas de condu\u00e7\u00e3o de m\u00e1quinas, manobra de embarca\u00e7\u00f5es, opera\u00e7\u00f5es de resgate e salvamento e com\u00e9rcio mar\u00edtimo. O CSM \u00e9 composto por um Simulador de Maquin\u00e1rio, um Simulador N\u00e1utico e um Simulador de Opera\u00e7\u00f5es Comerciais que podem desenvolver as compet\u00eancias previstas na Conven\u00e7\u00e3o Internacional de Normas de Instru\u00e7\u00e3o de acordo com o STCW.<\/p>\t\t\t\t\t\t\t\t<\/div>\n\t\t\t\t<\/div>\n\t\t\t\t\t<\/div>\n\t\t<\/div>\n\t\t\t\t\t<\/div>\n\t\t<\/section>\n\t\t\t\t\t<\/div>\n\t\t<\/div>\n\t\t\t\t\t<\/div>\n\t\t<\/section>\n\t\t\t\t<\/div>\n\t\t<\/div>","protected":false},"excerpt":{"rendered":"<p>Atua\u00e7\u00e3o Ensino A FEMAR possui larga tradi\u00e7\u00e3o no Ensino, desde a sua funda\u00e7\u00e3o em 1966<a href=\"https:\/\/fundacaofemar.org.br\/portalwordpress\/atuacao\/ensino\/\" class=\"bizfit-read-more\">Leia Mais<i class=\"fa fa-long-arrow-right\" aria-hidden=\"true\"><\/i><\/a><\/p>\n","protected":false},"author":2,"featured_media":0,"parent":2075,"menu_order":0,"comment_status":"closed","ping_status":"closed","template":"page-templates\/full-width.php","meta":{"footnotes":""},"class_list":["post-917","page","type-page","status-publish","hentry"],"rise-blocks_excerpt":"Atua\u00e7\u00e3o Ensino A FEMAR possui larga tradi\u00e7\u00e3o no Ensino, desde a sua funda\u00e7\u00e3o em 1966 ministra cursos visando difundir a mentalidade mar\u00edtima. Suas atividades s\u00e3o desenvolvidas com base em duas regulamenta\u00e7\u00f5es: a Lei do Ensino Profissional Mar\u00edtimo (EPM), regida e controlada pela Marinha do Brasil e pela Lei de Diretrizes e Bases da Educa\u00e7\u00e3o (LDB) 9.394\/96, do Minist\u00e9rio da Educa\u00e7\u00e3o...","_links":{"self":[{"href":"https:\/\/fundacaofemar.org.br\/portalwordpress\/wp-json\/wp\/v2\/pages\/917","targetHints":{"allow":["GET"]}}],"collection":[{"href":"https:\/\/fundacaofemar.org.br\/portalwordpress\/wp-json\/wp\/v2\/pages"}],"about":[{"href":"https:\/\/fundacaofemar.org.br\/portalwordpress\/wp-json\/wp\/v2\/types\/page"}],"author":[{"embeddable":true,"href":"https:\/\/fundacaofemar.org.br\/portalwordpress\/wp-json\/wp\/v2\/users\/2"}],"replies":[{"embeddable":true,"href":"https:\/\/fundacaofemar.org.br\/portalwordpress\/wp-json\/wp\/v2\/comments?post=917"}],"version-history":[{"count":0,"href":"https:\/\/fundacaofemar.org.br\/portalwordpress\/wp-json\/wp\/v2\/pages\/917\/revisions"}],"up":[{"embeddable":true,"href":"https:\/\/fundacaofemar.org.br\/portalwordpress\/wp-json\/wp\/v2\/pages\/2075"}],"wp:attachment":[{"href":"https:\/\/fundacaofemar.org.br\/portalwordpress\/wp-json\/wp\/v2\/media?parent=917"}],"curies":[{"name":"wp","href":"https:\/\/api.w.org\/{rel}","templated":true}]}}